{"version":"1.0","provider_name":"eloriente.net","provider_url":"http:\/\/www.eloriente.net\/home","author_name":"admin","author_url":"http:\/\/www.eloriente.net\/home\/author\/admin\/","title":"Escribir bien, mi mayor ambici\u00f3n: Jos\u00e9 Emilio Pacheco  - eloriente.net","type":"rich","width":600,"height":338,"html":"<blockquote class=\"wp-embedded-content\" data-secret=\"UeFa6oznrs\"><a href=\"http:\/\/www.eloriente.net\/home\/2013\/07\/01\/escribir-bien-mi-mayor-ambicion-jose-emilio-pacheco\/\">Escribir bien, mi mayor ambici\u00f3n: Jos\u00e9 Emilio Pacheco<\/a><\/blockquote><iframe sandbox=\"allow-scripts\" security=\"restricted\" src=\"http:\/\/www.eloriente.net\/home\/2013\/07\/01\/escribir-bien-mi-mayor-ambicion-jose-emilio-pacheco\/embed\/#?secret=UeFa6oznrs\" width=\"600\" height=\"338\" title=\"\u00abEscribir bien, mi mayor ambici\u00f3n: Jos\u00e9 Emilio Pacheco\u00bb \u2014 eloriente.net\" data-secret=\"UeFa6oznrs\" frameborder=\"0\" marginwidth=\"0\" marginheight=\"0\" scrolling=\"no\" class=\"wp-embedded-content\"><\/iframe><script type=\"text\/javascript\">\n\/* <![CDATA[ *\/\n\/*! This file is auto-generated *\/\n!function(d,l){\"use strict\";l.querySelector&&d.addEventListener&&\"undefined\"!=typeof URL&&(d.wp=d.wp||{},d.wp.receiveEmbedMessage||(d.wp.receiveEmbedMessage=function(e){var t=e.data;if((t||t.secret||t.message||t.value)&&!\/[^a-zA-Z0-9]\/.test(t.secret)){for(var s,r,n,a=l.querySelectorAll('iframe[data-secret=\"'+t.secret+'\"]'),o=l.querySelectorAll('blockquote[data-secret=\"'+t.secret+'\"]'),c=new RegExp(\"^https?:$\",\"i\"),i=0;i<o.length;i++)o[i].style.display=\"none\";for(i=0;i<a.length;i++)s=a[i],e.source===s.contentWindow&&(s.removeAttribute(\"style\"),\"height\"===t.message?(1e3<(r=parseInt(t.value,10))?r=1e3:~~r<200&&(r=200),s.height=r):\"link\"===t.message&&(r=new URL(s.getAttribute(\"src\")),n=new URL(t.value),c.test(n.protocol))&&n.host===r.host&&l.activeElement===s&&(d.top.location.href=t.value))}},d.addEventListener(\"message\",d.wp.receiveEmbedMessage,!1),l.addEventListener(\"DOMContentLoaded\",function(){for(var e,t,s=l.querySelectorAll(\"iframe.wp-embedded-content\"),r=0;r<s.length;r++)(t=(e=s[r]).getAttribute(\"data-secret\"))||(t=Math.random().toString(36).substring(2,12),e.src+=\"#?secret=\"+t,e.setAttribute(\"data-secret\",t)),e.contentWindow.postMessage({message:\"ready\",secret:t},\"*\")},!1)))}(window,document);\n\/* ]]> *\/\n<\/script>\n","thumbnail_url":"http:\/\/www.eloriente.net\/home\/wp-content\/uploads\/2013\/07\/Jose-Emilio-Pacheco-rtve.png","thumbnail_width":"641","thumbnail_height":"352","description":"eloriente.net\/ Conaculta 1 de julio de 2013 Este 30 de junio se celebr\u00f3 el cumplea\u00f1os 74 del escritor que se dio a conocer a los 20 a\u00f1os con su libro de cuentos La sangre de la medusa Jos\u00e9 Emilio Pacheco es figura central de la poes\u00eda en espa\u00f1ol de los \u00faltimos 50 a\u00f1os. Ha desarrollado [&hellip;]"}