{"version":"1.0","provider_name":"eloriente.net","provider_url":"http:\/\/www.eloriente.net\/home","author_name":"admin","author_url":"http:\/\/www.eloriente.net\/home\/author\/admin\/","title":"Se intensifica formaci\u00f3n en 'Juicios Orales' en Oaxaca - eloriente.net","type":"rich","width":600,"height":338,"html":"<blockquote class=\"wp-embedded-content\" data-secret=\"eYGgx2XUlk\"><a href=\"http:\/\/www.eloriente.net\/home\/2013\/09\/13\/se-intensifica-formacion-en-juicios-orales-en-oaxaca\/\">Se intensifica formaci\u00f3n en &#8216;Juicios Orales&#8217; en Oaxaca<\/a><\/blockquote><iframe sandbox=\"allow-scripts\" security=\"restricted\" src=\"http:\/\/www.eloriente.net\/home\/2013\/09\/13\/se-intensifica-formacion-en-juicios-orales-en-oaxaca\/embed\/#?secret=eYGgx2XUlk\" width=\"600\" height=\"338\" title=\"\u00abSe intensifica formaci\u00f3n en &#8216;Juicios Orales&#8217; en Oaxaca\u00bb \u2014 eloriente.net\" data-secret=\"eYGgx2XUlk\" frameborder=\"0\" marginwidth=\"0\" marginheight=\"0\" scrolling=\"no\" class=\"wp-embedded-content\"><\/iframe><script type=\"text\/javascript\">\n\/* <![CDATA[ *\/\n\/*! This file is auto-generated *\/\n!function(d,l){\"use strict\";l.querySelector&&d.addEventListener&&\"undefined\"!=typeof URL&&(d.wp=d.wp||{},d.wp.receiveEmbedMessage||(d.wp.receiveEmbedMessage=function(e){var t=e.data;if((t||t.secret||t.message||t.value)&&!\/[^a-zA-Z0-9]\/.test(t.secret)){for(var s,r,n,a=l.querySelectorAll('iframe[data-secret=\"'+t.secret+'\"]'),o=l.querySelectorAll('blockquote[data-secret=\"'+t.secret+'\"]'),c=new RegExp(\"^https?:$\",\"i\"),i=0;i<o.length;i++)o[i].style.display=\"none\";for(i=0;i<a.length;i++)s=a[i],e.source===s.contentWindow&&(s.removeAttribute(\"style\"),\"height\"===t.message?(1e3<(r=parseInt(t.value,10))?r=1e3:~~r<200&&(r=200),s.height=r):\"link\"===t.message&&(r=new URL(s.getAttribute(\"src\")),n=new URL(t.value),c.test(n.protocol))&&n.host===r.host&&l.activeElement===s&&(d.top.location.href=t.value))}},d.addEventListener(\"message\",d.wp.receiveEmbedMessage,!1),l.addEventListener(\"DOMContentLoaded\",function(){for(var e,t,s=l.querySelectorAll(\"iframe.wp-embedded-content\"),r=0;r<s.length;r++)(t=(e=s[r]).getAttribute(\"data-secret\"))||(t=Math.random().toString(36).substring(2,12),e.src+=\"#?secret=\"+t,e.setAttribute(\"data-secret\",t)),e.contentWindow.postMessage({message:\"ready\",secret:t},\"*\")},!1)))}(window,document);\n\/* ]]> *\/\n<\/script>\n","thumbnail_url":"https:\/\/www.eloriente.net\/home\/wp-content\/uploads\/2013\/09\/Balanza-Algunos-derechos-reservados-por-El-Bibliomata.jpg","thumbnail_width":"1123","thumbnail_height":"670","description":"eloriente.net\/TSJEO 13 de septiembre de 2013 El titular del \u00d3rgano Implementador del Sistema Acusatorio Adversarial en la entidad (OISA), maestro Jahaziel Reyes Loaeza, inform\u00f3 que se ha emprendido un permanente programa de capacitaci\u00f3n dirigido a los defensores p\u00fablicos con la finalidad de que desempe\u00f1en de manera eficiente su labor a favor de las personas que [&hellip;]"}