{"version":"1.0","provider_name":"eloriente.net","provider_url":"http:\/\/www.eloriente.net\/home","author_name":"C\u00e9sar","author_url":"http:\/\/www.eloriente.net\/home\/author\/cesar\/","title":"Convocan al Premio Juan Ruiz de Alarc\u00f3n 2014 - eloriente.net","type":"rich","width":600,"height":338,"html":"<blockquote class=\"wp-embedded-content\" data-secret=\"ioebdaoIZc\"><a href=\"http:\/\/www.eloriente.net\/home\/2014\/04\/15\/convocan-al-premio-juan-ruiz-de-alarcon-2014\/\">Convocan al Premio Juan Ruiz de Alarc\u00f3n 2014<\/a><\/blockquote><iframe sandbox=\"allow-scripts\" security=\"restricted\" src=\"http:\/\/www.eloriente.net\/home\/2014\/04\/15\/convocan-al-premio-juan-ruiz-de-alarcon-2014\/embed\/#?secret=ioebdaoIZc\" width=\"600\" height=\"338\" title=\"\u00abConvocan al Premio Juan Ruiz de Alarc\u00f3n 2014\u00bb \u2014 eloriente.net\" data-secret=\"ioebdaoIZc\" frameborder=\"0\" marginwidth=\"0\" marginheight=\"0\" scrolling=\"no\" class=\"wp-embedded-content\"><\/iframe><script type=\"text\/javascript\">\n\/* <![CDATA[ *\/\n\/*! This file is auto-generated *\/\n!function(d,l){\"use strict\";l.querySelector&&d.addEventListener&&\"undefined\"!=typeof URL&&(d.wp=d.wp||{},d.wp.receiveEmbedMessage||(d.wp.receiveEmbedMessage=function(e){var t=e.data;if((t||t.secret||t.message||t.value)&&!\/[^a-zA-Z0-9]\/.test(t.secret)){for(var s,r,n,a=l.querySelectorAll('iframe[data-secret=\"'+t.secret+'\"]'),o=l.querySelectorAll('blockquote[data-secret=\"'+t.secret+'\"]'),c=new RegExp(\"^https?:$\",\"i\"),i=0;i<o.length;i++)o[i].style.display=\"none\";for(i=0;i<a.length;i++)s=a[i],e.source===s.contentWindow&&(s.removeAttribute(\"style\"),\"height\"===t.message?(1e3<(r=parseInt(t.value,10))?r=1e3:~~r<200&&(r=200),s.height=r):\"link\"===t.message&&(r=new URL(s.getAttribute(\"src\")),n=new URL(t.value),c.test(n.protocol))&&n.host===r.host&&l.activeElement===s&&(d.top.location.href=t.value))}},d.addEventListener(\"message\",d.wp.receiveEmbedMessage,!1),l.addEventListener(\"DOMContentLoaded\",function(){for(var e,t,s=l.querySelectorAll(\"iframe.wp-embedded-content\"),r=0;r<s.length;r++)(t=(e=s[r]).getAttribute(\"data-secret\"))||(t=Math.random().toString(36).substring(2,12),e.src+=\"#?secret=\"+t,e.setAttribute(\"data-secret\",t)),e.contentWindow.postMessage({message:\"ready\",secret:t},\"*\")},!1)))}(window,document);\n\/* ]]> *\/\n<\/script>\n","thumbnail_url":"http:\/\/www.eloriente.net\/home\/wp-content\/uploads\/2014\/04\/Obra-de-teatro-Autopsia-Por-SEP.jpg","thumbnail_width":"3780","thumbnail_height":"2520","description":"eloriente.net\/INBA 15 de abril de 2014 La premiaci\u00f3n tendr\u00e1 lugar en el mes de mayo en la inauguraci\u00f3n de las XXVII Jornadas Alarconianas, en Taxco, Guerrero. El Consejo Nacional para la Cultura y las Artes, el Instituto Nacional de Bellas Artes y el Gobierno del Estado de Guerrero, por medio de la Secretar\u00eda de Cultura [&hellip;]"}