{"version":"1.0","provider_name":"eloriente.net","provider_url":"http:\/\/www.eloriente.net\/home","author_name":"Adri\u00e1n Ortiz","author_url":"http:\/\/www.eloriente.net\/home\/author\/adrian\/","title":"Desorden: \u00bfc\u00f3mo no creer que no hay legalidad? - eloriente.net","type":"rich","width":600,"height":338,"html":"<blockquote class=\"wp-embedded-content\" data-secret=\"tvElOluJ4Z\"><a href=\"http:\/\/www.eloriente.net\/home\/2014\/09\/01\/desorden-como-no-creer-que-no-hay-legalidad\/\">Desorden: \u00bfc\u00f3mo no creer que no hay legalidad?<\/a><\/blockquote><iframe sandbox=\"allow-scripts\" security=\"restricted\" src=\"http:\/\/www.eloriente.net\/home\/2014\/09\/01\/desorden-como-no-creer-que-no-hay-legalidad\/embed\/#?secret=tvElOluJ4Z\" width=\"600\" height=\"338\" title=\"\u00abDesorden: \u00bfc\u00f3mo no creer que no hay legalidad?\u00bb \u2014 eloriente.net\" data-secret=\"tvElOluJ4Z\" frameborder=\"0\" marginwidth=\"0\" marginheight=\"0\" scrolling=\"no\" class=\"wp-embedded-content\"><\/iframe><script type=\"text\/javascript\">\n\/* <![CDATA[ *\/\n\/*! This file is auto-generated *\/\n!function(d,l){\"use strict\";l.querySelector&&d.addEventListener&&\"undefined\"!=typeof URL&&(d.wp=d.wp||{},d.wp.receiveEmbedMessage||(d.wp.receiveEmbedMessage=function(e){var t=e.data;if((t||t.secret||t.message||t.value)&&!\/[^a-zA-Z0-9]\/.test(t.secret)){for(var s,r,n,a=l.querySelectorAll('iframe[data-secret=\"'+t.secret+'\"]'),o=l.querySelectorAll('blockquote[data-secret=\"'+t.secret+'\"]'),c=new RegExp(\"^https?:$\",\"i\"),i=0;i<o.length;i++)o[i].style.display=\"none\";for(i=0;i<a.length;i++)s=a[i],e.source===s.contentWindow&&(s.removeAttribute(\"style\"),\"height\"===t.message?(1e3<(r=parseInt(t.value,10))?r=1e3:~~r<200&&(r=200),s.height=r):\"link\"===t.message&&(r=new URL(s.getAttribute(\"src\")),n=new URL(t.value),c.test(n.protocol))&&n.host===r.host&&l.activeElement===s&&(d.top.location.href=t.value))}},d.addEventListener(\"message\",d.wp.receiveEmbedMessage,!1),l.addEventListener(\"DOMContentLoaded\",function(){for(var e,t,s=l.querySelectorAll(\"iframe.wp-embedded-content\"),r=0;r<s.length;r++)(t=(e=s[r]).getAttribute(\"data-secret\"))||(t=Math.random().toString(36).substring(2,12),e.src+=\"#?secret=\"+t,e.setAttribute(\"data-secret\",t)),e.contentWindow.postMessage({message:\"ready\",secret:t},\"*\")},!1)))}(window,document);\n\/* ]]> *\/\n<\/script>\n","thumbnail_url":"https:\/\/www.eloriente.net\/home\/wp-content\/uploads\/2014\/07\/Maestros-Por-Secci\u00f3n-22.jpg","thumbnail_width":"2183","thumbnail_height":"1455","description":"eloriente.net 1\/septiembre\/2014 Presi\u00f3n, institucionalizada; lucha social, en pleno En las \u00faltimas semanas hemos visto c\u00f3mo en Oaxaca la legalidad se ha relajado hasta l\u00edmites insospechados. No es la primera vez que la autoridad estatal se queda arrinconada ante los grupos que organizadamente protestan y, rompiendo el orden, exigen respuesta a demandas que no siempre son [&hellip;]"}