{"version":"1.0","provider_name":"eloriente.net","provider_url":"http:\/\/www.eloriente.net\/home","author_name":"admin","author_url":"http:\/\/www.eloriente.net\/home\/author\/admin\/","title":"Iniciativas \"oaxaque\u00f1as\" en la C\u00e1mara de Diputados - eloriente.net","type":"rich","width":600,"height":338,"html":"<blockquote class=\"wp-embedded-content\" data-secret=\"N6WddFVM8H\"><a href=\"http:\/\/www.eloriente.net\/home\/2014\/10\/27\/iniciativas-oaxaquenas-en-la-camara-de-diputados\/\">Iniciativas \u00aboaxaque\u00f1as\u00bb en la C\u00e1mara de Diputados<\/a><\/blockquote><iframe sandbox=\"allow-scripts\" security=\"restricted\" src=\"http:\/\/www.eloriente.net\/home\/2014\/10\/27\/iniciativas-oaxaquenas-en-la-camara-de-diputados\/embed\/#?secret=N6WddFVM8H\" width=\"600\" height=\"338\" title=\"\u00abIniciativas \u00aboaxaque\u00f1as\u00bb en la C\u00e1mara de Diputados\u00bb \u2014 eloriente.net\" data-secret=\"N6WddFVM8H\" frameborder=\"0\" marginwidth=\"0\" marginheight=\"0\" scrolling=\"no\" class=\"wp-embedded-content\"><\/iframe><script type=\"text\/javascript\">\n\/* <![CDATA[ *\/\n\/*! This file is auto-generated *\/\n!function(d,l){\"use strict\";l.querySelector&&d.addEventListener&&\"undefined\"!=typeof URL&&(d.wp=d.wp||{},d.wp.receiveEmbedMessage||(d.wp.receiveEmbedMessage=function(e){var t=e.data;if((t||t.secret||t.message||t.value)&&!\/[^a-zA-Z0-9]\/.test(t.secret)){for(var s,r,n,a=l.querySelectorAll('iframe[data-secret=\"'+t.secret+'\"]'),o=l.querySelectorAll('blockquote[data-secret=\"'+t.secret+'\"]'),c=new RegExp(\"^https?:$\",\"i\"),i=0;i<o.length;i++)o[i].style.display=\"none\";for(i=0;i<a.length;i++)s=a[i],e.source===s.contentWindow&&(s.removeAttribute(\"style\"),\"height\"===t.message?(1e3<(r=parseInt(t.value,10))?r=1e3:~~r<200&&(r=200),s.height=r):\"link\"===t.message&&(r=new URL(s.getAttribute(\"src\")),n=new URL(t.value),c.test(n.protocol))&&n.host===r.host&&l.activeElement===s&&(d.top.location.href=t.value))}},d.addEventListener(\"message\",d.wp.receiveEmbedMessage,!1),l.addEventListener(\"DOMContentLoaded\",function(){for(var e,t,s=l.querySelectorAll(\"iframe.wp-embedded-content\"),r=0;r<s.length;r++)(t=(e=s[r]).getAttribute(\"data-secret\"))||(t=Math.random().toString(36).substring(2,12),e.src+=\"#?secret=\"+t,e.setAttribute(\"data-secret\",t)),e.contentWindow.postMessage({message:\"ready\",secret:t},\"*\")},!1)))}(window,document);\n\/* ]]> *\/\n<\/script>\n","thumbnail_url":"http:\/\/www.eloriente.net\/home\/wp-content\/uploads\/2014\/08\/Diputados.jpg","thumbnail_width":"1006","thumbnail_height":"1280","description":"eloriente.net 27\/octubre\/2014 El \u00faltimo ciclo concluido en la C\u00e1mara de Diputados es el Segundo Per\u00edodo de Sesiones Ordinarias del Segundo A\u00f1o, que cuenta con la representaci\u00f3n de 18 diputados por Oaxaca, 11 de ellos por Mayor\u00eda Relativa y el resto los denominados Plurinominales. Los diputados pueden presentar sus iniciativas como proponentes, adherentes o suscribirse perteneciendo [&hellip;]"}