{"version":"1.0","provider_name":"eloriente.net","provider_url":"http:\/\/www.eloriente.net\/home","author_name":"admin","author_url":"http:\/\/www.eloriente.net\/home\/author\/admin\/","title":"JUSTICIA: Libertad de expresi\u00f3n no protege calumnias: TEPJF - eloriente.net","type":"rich","width":600,"height":338,"html":"<blockquote class=\"wp-embedded-content\" data-secret=\"Ih6JGnBcPa\"><a href=\"http:\/\/www.eloriente.net\/home\/2016\/09\/17\/justicia-libertad-de-expresion-no-protege-calumnias-tepjf\/\">JUSTICIA: Libertad de expresi\u00f3n no protege calumnias: TEPJF<\/a><\/blockquote><iframe sandbox=\"allow-scripts\" security=\"restricted\" src=\"http:\/\/www.eloriente.net\/home\/2016\/09\/17\/justicia-libertad-de-expresion-no-protege-calumnias-tepjf\/embed\/#?secret=Ih6JGnBcPa\" width=\"600\" height=\"338\" title=\"\u00abJUSTICIA: Libertad de expresi\u00f3n no protege calumnias: TEPJF\u00bb \u2014 eloriente.net\" data-secret=\"Ih6JGnBcPa\" frameborder=\"0\" marginwidth=\"0\" marginheight=\"0\" scrolling=\"no\" class=\"wp-embedded-content\"><\/iframe><script type=\"text\/javascript\">\n\/* <![CDATA[ *\/\n\/*! This file is auto-generated *\/\n!function(d,l){\"use strict\";l.querySelector&&d.addEventListener&&\"undefined\"!=typeof URL&&(d.wp=d.wp||{},d.wp.receiveEmbedMessage||(d.wp.receiveEmbedMessage=function(e){var t=e.data;if((t||t.secret||t.message||t.value)&&!\/[^a-zA-Z0-9]\/.test(t.secret)){for(var s,r,n,a=l.querySelectorAll('iframe[data-secret=\"'+t.secret+'\"]'),o=l.querySelectorAll('blockquote[data-secret=\"'+t.secret+'\"]'),c=new RegExp(\"^https?:$\",\"i\"),i=0;i<o.length;i++)o[i].style.display=\"none\";for(i=0;i<a.length;i++)s=a[i],e.source===s.contentWindow&&(s.removeAttribute(\"style\"),\"height\"===t.message?(1e3<(r=parseInt(t.value,10))?r=1e3:~~r<200&&(r=200),s.height=r):\"link\"===t.message&&(r=new URL(s.getAttribute(\"src\")),n=new URL(t.value),c.test(n.protocol))&&n.host===r.host&&l.activeElement===s&&(d.top.location.href=t.value))}},d.addEventListener(\"message\",d.wp.receiveEmbedMessage,!1),l.addEventListener(\"DOMContentLoaded\",function(){for(var e,t,s=l.querySelectorAll(\"iframe.wp-embedded-content\"),r=0;r<s.length;r++)(t=(e=s[r]).getAttribute(\"data-secret\"))||(t=Math.random().toString(36).substring(2,12),e.src+=\"#?secret=\"+t,e.setAttribute(\"data-secret\",t)),e.contentWindow.postMessage({message:\"ready\",secret:t},\"*\")},!1)))}(window,document);\n\/* ]]> *\/\n<\/script>\n","thumbnail_url":"http:\/\/www.eloriente.net\/home\/wp-content\/uploads\/2012\/08\/TEPJF.jpeg","thumbnail_width":"400","thumbnail_height":"179","description":"eloriente.net\/TEPJF 17 de septiembre de 2016* La Libertad de expresi\u00f3n en materia pol\u00edtico-electoral tiene como restricci\u00f3n la emisi\u00f3n de expresiones calumniosas. La Sala Superior se\u00f1al\u00f3 que la difusi\u00f3n de informaci\u00f3n sin apoyo de elementos convictivos suficientes, puede generar una carga negativa en la reputaci\u00f3n y dignidad de las personas Se reconoci\u00f3 que la libertad de [&hellip;]"}