{"version":"1.0","provider_name":"eloriente.net","provider_url":"http:\/\/www.eloriente.net\/home","author_name":"Valery L\u00f3pez","author_url":"http:\/\/www.eloriente.net\/home\/author\/valery\/","title":"27 de octubre, D\u00eda Mundial del Patrimonio Audiovisual - eloriente.net","type":"rich","width":600,"height":338,"html":"<blockquote class=\"wp-embedded-content\" data-secret=\"fsE8CAvhf5\"><a href=\"http:\/\/www.eloriente.net\/home\/2016\/10\/27\/27-de-octubre-dia-mundial-del-patrimonio-audiovisual\/\">27 de octubre, D\u00eda Mundial del Patrimonio Audiovisual<\/a><\/blockquote><iframe sandbox=\"allow-scripts\" security=\"restricted\" src=\"http:\/\/www.eloriente.net\/home\/2016\/10\/27\/27-de-octubre-dia-mundial-del-patrimonio-audiovisual\/embed\/#?secret=fsE8CAvhf5\" width=\"600\" height=\"338\" title=\"\u00ab27 de octubre, D\u00eda Mundial del Patrimonio Audiovisual\u00bb \u2014 eloriente.net\" data-secret=\"fsE8CAvhf5\" frameborder=\"0\" marginwidth=\"0\" marginheight=\"0\" scrolling=\"no\" class=\"wp-embedded-content\"><\/iframe><script type=\"text\/javascript\">\n\/* <![CDATA[ *\/\n\/*! This file is auto-generated *\/\n!function(d,l){\"use strict\";l.querySelector&&d.addEventListener&&\"undefined\"!=typeof URL&&(d.wp=d.wp||{},d.wp.receiveEmbedMessage||(d.wp.receiveEmbedMessage=function(e){var t=e.data;if((t||t.secret||t.message||t.value)&&!\/[^a-zA-Z0-9]\/.test(t.secret)){for(var s,r,n,a=l.querySelectorAll('iframe[data-secret=\"'+t.secret+'\"]'),o=l.querySelectorAll('blockquote[data-secret=\"'+t.secret+'\"]'),c=new RegExp(\"^https?:$\",\"i\"),i=0;i<o.length;i++)o[i].style.display=\"none\";for(i=0;i<a.length;i++)s=a[i],e.source===s.contentWindow&&(s.removeAttribute(\"style\"),\"height\"===t.message?(1e3<(r=parseInt(t.value,10))?r=1e3:~~r<200&&(r=200),s.height=r):\"link\"===t.message&&(r=new URL(s.getAttribute(\"src\")),n=new URL(t.value),c.test(n.protocol))&&n.host===r.host&&l.activeElement===s&&(d.top.location.href=t.value))}},d.addEventListener(\"message\",d.wp.receiveEmbedMessage,!1),l.addEventListener(\"DOMContentLoaded\",function(){for(var e,t,s=l.querySelectorAll(\"iframe.wp-embedded-content\"),r=0;r<s.length;r++)(t=(e=s[r]).getAttribute(\"data-secret\"))||(t=Math.random().toString(36).substring(2,12),e.src+=\"#?secret=\"+t,e.setAttribute(\"data-secret\",t)),e.contentWindow.postMessage({message:\"ready\",secret:t},\"*\")},!1)))}(window,document);\n\/* ]]> *\/\n<\/script>\n","thumbnail_url":"http:\/\/www.eloriente.net\/home\/wp-content\/uploads\/2016\/10\/492351Audiovisual.jpg","thumbnail_width":1024,"thumbnail_height":683,"description":"&nbsp; eloriente.net\/Centro de Informaci\u00f3n de las Naciones Unidas 27 de octubre de 2016 \u00abEs tu historia, no la pierdas\u00bb. Este es el tema del D\u00eda Mundial del Patrimonio Audiovisual que celebra cada 27 de octubre. La Organizaci\u00f3n de la ONU para la Educaci\u00f3n, la Ciencia y la Cultura (UNESCO) record\u00f3 que los documentos audiovisuales, como [&hellip;]"}