{"version":"1.0","provider_name":"eloriente.net","provider_url":"http:\/\/www.eloriente.net\/home","author_name":"Valery L\u00f3pez","author_url":"http:\/\/www.eloriente.net\/home\/author\/valery\/","title":"VIDEOCOLUMNA: Canciones y poemas de fin de a\u00f1o. Por Ra\u00fal Maldonado - eloriente.net","type":"rich","width":600,"height":338,"html":"<blockquote class=\"wp-embedded-content\" data-secret=\"wJWt6UejQp\"><a href=\"http:\/\/www.eloriente.net\/home\/2016\/12\/22\/videocolumna-canciones-poemas-fin-ano-raul-maldonado\/\">VIDEOCOLUMNA: Canciones y poemas de fin de a\u00f1o. Por Ra\u00fal Maldonado<\/a><\/blockquote><iframe sandbox=\"allow-scripts\" security=\"restricted\" src=\"http:\/\/www.eloriente.net\/home\/2016\/12\/22\/videocolumna-canciones-poemas-fin-ano-raul-maldonado\/embed\/#?secret=wJWt6UejQp\" width=\"600\" height=\"338\" title=\"\u00abVIDEOCOLUMNA: Canciones y poemas de fin de a\u00f1o. Por Ra\u00fal Maldonado\u00bb \u2014 eloriente.net\" data-secret=\"wJWt6UejQp\" frameborder=\"0\" marginwidth=\"0\" marginheight=\"0\" scrolling=\"no\" class=\"wp-embedded-content\"><\/iframe><script type=\"text\/javascript\">\n\/* <![CDATA[ *\/\n\/*! This file is auto-generated *\/\n!function(d,l){\"use strict\";l.querySelector&&d.addEventListener&&\"undefined\"!=typeof URL&&(d.wp=d.wp||{},d.wp.receiveEmbedMessage||(d.wp.receiveEmbedMessage=function(e){var t=e.data;if((t||t.secret||t.message||t.value)&&!\/[^a-zA-Z0-9]\/.test(t.secret)){for(var s,r,n,a=l.querySelectorAll('iframe[data-secret=\"'+t.secret+'\"]'),o=l.querySelectorAll('blockquote[data-secret=\"'+t.secret+'\"]'),c=new RegExp(\"^https?:$\",\"i\"),i=0;i<o.length;i++)o[i].style.display=\"none\";for(i=0;i<a.length;i++)s=a[i],e.source===s.contentWindow&&(s.removeAttribute(\"style\"),\"height\"===t.message?(1e3<(r=parseInt(t.value,10))?r=1e3:~~r<200&&(r=200),s.height=r):\"link\"===t.message&&(r=new URL(s.getAttribute(\"src\")),n=new URL(t.value),c.test(n.protocol))&&n.host===r.host&&l.activeElement===s&&(d.top.location.href=t.value))}},d.addEventListener(\"message\",d.wp.receiveEmbedMessage,!1),l.addEventListener(\"DOMContentLoaded\",function(){for(var e,t,s=l.querySelectorAll(\"iframe.wp-embedded-content\"),r=0;r<s.length;r++)(t=(e=s[r]).getAttribute(\"data-secret\"))||(t=Math.random().toString(36).substring(2,12),e.src+=\"#?secret=\"+t,e.setAttribute(\"data-secret\",t)),e.contentWindow.postMessage({message:\"ready\",secret:t},\"*\")},!1)))}(window,document);\n\/* ]]> *\/\n<\/script>\n","thumbnail_url":"http:\/\/www.eloriente.net\/home\/wp-content\/uploads\/2016\/12\/RAU\u0301L-MALDONADO-MENDOZA-20-DE-DICIEMBRE.jpg","thumbnail_width":1920,"thumbnail_height":1080,"description":"&nbsp; eloriente.net 22 de diciembre de 2016 A unos d\u00edas de concluir el 2016, Ra\u00fal Maldonado nos habla sobre canciones y poemas tan propios de estas fechas. Ra\u00fal Maldonado Mendoza es\u00a0Licenciado en Derecho por la UABJO,\u00a0Campe\u00f3n Nacional de Oratoria\u00a0representando al Estado de Oaxaca en el Concurso\u00a0\u201cUn Siglo de Sindicalismo en M\u00e9xico\u201d, organizado por la CTM. [&hellip;]"}