{"version":"1.0","provider_name":"eloriente.net","provider_url":"http:\/\/www.eloriente.net\/home","author_name":"Valery L\u00f3pez","author_url":"http:\/\/www.eloriente.net\/home\/author\/valery\/","title":"CULTURA: Reporte Aret\u00e9 Digital sobre gesti\u00f3n cultural, Marzo 2018 - eloriente.net","type":"rich","width":600,"height":338,"html":"<blockquote class=\"wp-embedded-content\" data-secret=\"SwjiYH2Iut\"><a href=\"http:\/\/www.eloriente.net\/home\/2018\/03\/06\/cultura-reporte-arete-digital-gestion-cultural-marzo-2018\/\">CULTURA: Reporte Aret\u00e9 Digital sobre gesti\u00f3n cultural, Marzo 2018<\/a><\/blockquote><iframe sandbox=\"allow-scripts\" security=\"restricted\" src=\"http:\/\/www.eloriente.net\/home\/2018\/03\/06\/cultura-reporte-arete-digital-gestion-cultural-marzo-2018\/embed\/#?secret=SwjiYH2Iut\" width=\"600\" height=\"338\" title=\"\u00abCULTURA: Reporte Aret\u00e9 Digital sobre gesti\u00f3n cultural, Marzo 2018\u00bb \u2014 eloriente.net\" data-secret=\"SwjiYH2Iut\" frameborder=\"0\" marginwidth=\"0\" marginheight=\"0\" scrolling=\"no\" class=\"wp-embedded-content\"><\/iframe><script type=\"text\/javascript\">\n\/* <![CDATA[ *\/\n\/*! This file is auto-generated *\/\n!function(d,l){\"use strict\";l.querySelector&&d.addEventListener&&\"undefined\"!=typeof URL&&(d.wp=d.wp||{},d.wp.receiveEmbedMessage||(d.wp.receiveEmbedMessage=function(e){var t=e.data;if((t||t.secret||t.message||t.value)&&!\/[^a-zA-Z0-9]\/.test(t.secret)){for(var s,r,n,a=l.querySelectorAll('iframe[data-secret=\"'+t.secret+'\"]'),o=l.querySelectorAll('blockquote[data-secret=\"'+t.secret+'\"]'),c=new RegExp(\"^https?:$\",\"i\"),i=0;i<o.length;i++)o[i].style.display=\"none\";for(i=0;i<a.length;i++)s=a[i],e.source===s.contentWindow&&(s.removeAttribute(\"style\"),\"height\"===t.message?(1e3<(r=parseInt(t.value,10))?r=1e3:~~r<200&&(r=200),s.height=r):\"link\"===t.message&&(r=new URL(s.getAttribute(\"src\")),n=new URL(t.value),c.test(n.protocol))&&n.host===r.host&&l.activeElement===s&&(d.top.location.href=t.value))}},d.addEventListener(\"message\",d.wp.receiveEmbedMessage,!1),l.addEventListener(\"DOMContentLoaded\",function(){for(var e,t,s=l.querySelectorAll(\"iframe.wp-embedded-content\"),r=0;r<s.length;r++)(t=(e=s[r]).getAttribute(\"data-secret\"))||(t=Math.random().toString(36).substring(2,12),e.src+=\"#?secret=\"+t,e.setAttribute(\"data-secret\",t)),e.contentWindow.postMessage({message:\"ready\",secret:t},\"*\")},!1)))}(window,document);\n\/* ]]> *\/\n<\/script>\n","thumbnail_url":"http:\/\/www.eloriente.net\/home\/wp-content\/uploads\/2018\/03\/TOLEDO-por-Sharon-Mollerus.jpg","thumbnail_width":2048,"thumbnail_height":1287,"description":"&nbsp; (www.eloriente.net, M\u00e9xico, 6 de marzo de 2018).- La Asociaci\u00f3n Espa\u00f1ola de Gestores de Patrimonio Cultural (AEGPC) public\u00f3 su reporte mensual sobre gesti\u00f3n cultural, Aret\u00e9 Digital, marzo de 2018, en el cual muestra una s\u00edntesis sobre las actividades, convocatorias, cursos, jornadas, congresos, seminarios y noticias de la instituci\u00f3n. En esta edici\u00f3n destaca primeramente el XV [&hellip;]"}