{"version":"1.0","provider_name":"eloriente.net","provider_url":"https:\/\/www.eloriente.net\/home","author_name":"C\u00e9sar","author_url":"https:\/\/www.eloriente.net\/home\/author\/cesar\/","title":"Inicia campa\u00f1a nacional de reforestaci\u00f3n en M\u00e9xico - eloriente.net","type":"rich","width":600,"height":338,"html":"<blockquote class=\"wp-embedded-content\" data-secret=\"GIjkrFVJBO\"><a href=\"https:\/\/www.eloriente.net\/home\/2014\/07\/10\/inicia-campana-nacional-de-reforestacion-en-mexico\/\">Inicia campa\u00f1a nacional de reforestaci\u00f3n en M\u00e9xico<\/a><\/blockquote><iframe sandbox=\"allow-scripts\" security=\"restricted\" src=\"https:\/\/www.eloriente.net\/home\/2014\/07\/10\/inicia-campana-nacional-de-reforestacion-en-mexico\/embed\/#?secret=GIjkrFVJBO\" width=\"600\" height=\"338\" title=\"\u00abInicia campa\u00f1a nacional de reforestaci\u00f3n en M\u00e9xico\u00bb \u2014 eloriente.net\" data-secret=\"GIjkrFVJBO\" frameborder=\"0\" marginwidth=\"0\" marginheight=\"0\" scrolling=\"no\" class=\"wp-embedded-content\"><\/iframe><script type=\"text\/javascript\">\n\/* <![CDATA[ *\/\n\/*! This file is auto-generated *\/\n!function(d,l){\"use strict\";l.querySelector&&d.addEventListener&&\"undefined\"!=typeof URL&&(d.wp=d.wp||{},d.wp.receiveEmbedMessage||(d.wp.receiveEmbedMessage=function(e){var t=e.data;if((t||t.secret||t.message||t.value)&&!\/[^a-zA-Z0-9]\/.test(t.secret)){for(var s,r,n,a=l.querySelectorAll('iframe[data-secret=\"'+t.secret+'\"]'),o=l.querySelectorAll('blockquote[data-secret=\"'+t.secret+'\"]'),c=new RegExp(\"^https?:$\",\"i\"),i=0;i<o.length;i++)o[i].style.display=\"none\";for(i=0;i<a.length;i++)s=a[i],e.source===s.contentWindow&&(s.removeAttribute(\"style\"),\"height\"===t.message?(1e3<(r=parseInt(t.value,10))?r=1e3:~~r<200&&(r=200),s.height=r):\"link\"===t.message&&(r=new URL(s.getAttribute(\"src\")),n=new URL(t.value),c.test(n.protocol))&&n.host===r.host&&l.activeElement===s&&(d.top.location.href=t.value))}},d.addEventListener(\"message\",d.wp.receiveEmbedMessage,!1),l.addEventListener(\"DOMContentLoaded\",function(){for(var e,t,s=l.querySelectorAll(\"iframe.wp-embedded-content\"),r=0;r<s.length;r++)(t=(e=s[r]).getAttribute(\"data-secret\"))||(t=Math.random().toString(36).substring(2,12),e.src+=\"#?secret=\"+t,e.setAttribute(\"data-secret\",t)),e.contentWindow.postMessage({message:\"ready\",secret:t},\"*\")},!1)))}(window,document);\n\/* ]]> *\/\n<\/script>\n","thumbnail_url":"https:\/\/www.eloriente.net\/home\/wp-content\/uploads\/2014\/07\/Bosques-Christian-Frausto-Bernal.jpg","thumbnail_width":"1024","thumbnail_height":"768","description":"eloriente.net 10\/julio\/2014 Hoy se conmemora en M\u00e9xico el D\u00eda del \u00c1rbol; en el marco de dicha celebraci\u00f3n el presidente de la Rep\u00fablica, Enrique Pe\u00f1a Nieto, anunci\u00f3 el inicio de la Campa\u00f1a Nacional de Reforestaci\u00f3n 2014, la cual tiene como objetivo recuperar 170 mil hect\u00e1reas verdes en todo el pa\u00eds, con 190 millones plantas. Con un [&hellip;]"}