{"version":"1.0","provider_name":"eloriente.net","provider_url":"https:\/\/www.eloriente.net\/home","author_name":"admin","author_url":"https:\/\/www.eloriente.net\/home\/author\/admin\/","title":"Despu\u00e9s de 80 a\u00f1os regresa la Orquesta Mexicana - eloriente.net","type":"rich","width":600,"height":338,"html":"<blockquote class=\"wp-embedded-content\" data-secret=\"i5t5qePAgj\"><a href=\"https:\/\/www.eloriente.net\/home\/2014\/10\/20\/despues-de-80-anos-regresa-la-orquesta-mexicana\/\">Despu\u00e9s de 80 a\u00f1os regresa la Orquesta Mexicana<\/a><\/blockquote><iframe sandbox=\"allow-scripts\" security=\"restricted\" src=\"https:\/\/www.eloriente.net\/home\/2014\/10\/20\/despues-de-80-anos-regresa-la-orquesta-mexicana\/embed\/#?secret=i5t5qePAgj\" width=\"600\" height=\"338\" title=\"\u00abDespu\u00e9s de 80 a\u00f1os regresa la Orquesta Mexicana\u00bb \u2014 eloriente.net\" data-secret=\"i5t5qePAgj\" frameborder=\"0\" marginwidth=\"0\" marginheight=\"0\" scrolling=\"no\" class=\"wp-embedded-content\"><\/iframe><script type=\"text\/javascript\">\n\/* <![CDATA[ *\/\n\/*! This file is auto-generated *\/\n!function(d,l){\"use strict\";l.querySelector&&d.addEventListener&&\"undefined\"!=typeof URL&&(d.wp=d.wp||{},d.wp.receiveEmbedMessage||(d.wp.receiveEmbedMessage=function(e){var t=e.data;if((t||t.secret||t.message||t.value)&&!\/[^a-zA-Z0-9]\/.test(t.secret)){for(var s,r,n,a=l.querySelectorAll('iframe[data-secret=\"'+t.secret+'\"]'),o=l.querySelectorAll('blockquote[data-secret=\"'+t.secret+'\"]'),c=new RegExp(\"^https?:$\",\"i\"),i=0;i<o.length;i++)o[i].style.display=\"none\";for(i=0;i<a.length;i++)s=a[i],e.source===s.contentWindow&&(s.removeAttribute(\"style\"),\"height\"===t.message?(1e3<(r=parseInt(t.value,10))?r=1e3:~~r<200&&(r=200),s.height=r):\"link\"===t.message&&(r=new URL(s.getAttribute(\"src\")),n=new URL(t.value),c.test(n.protocol))&&n.host===r.host&&l.activeElement===s&&(d.top.location.href=t.value))}},d.addEventListener(\"message\",d.wp.receiveEmbedMessage,!1),l.addEventListener(\"DOMContentLoaded\",function(){for(var e,t,s=l.querySelectorAll(\"iframe.wp-embedded-content\"),r=0;r<s.length;r++)(t=(e=s[r]).getAttribute(\"data-secret\"))||(t=Math.random().toString(36).substring(2,12),e.src+=\"#?secret=\"+t,e.setAttribute(\"data-secret\",t)),e.contentWindow.postMessage({message:\"ready\",secret:t},\"*\")},!1)))}(window,document);\n\/* ]]> *\/\n<\/script>\n","thumbnail_url":"https:\/\/www.eloriente.net\/home\/wp-content\/uploads\/2014\/10\/En-el-concierto-Cantos-de-M\u00e9xico-de-la-Orquesta-Mexicana.jpg","thumbnail_width":794,"thumbnail_height":529,"description":"eloriente.net \/ FAHHO 20\/octubre\/2014 \u201cEra muy peque\u00f1o \u2013tres a\u00f1os me cuenta ella\u2013 cuando por primera vez o\u00ed m\u00fasica. Era una orquestita de pueblo que tocaba la serenata en la plaza. Yo estuve de pie escuchando largo tiempo y seguramente con una atenci\u00f3n desmedida, pues me qued\u00e9 bizco. Y bizco estuve por tres o cuatro d\u00edas. [&hellip;]"}