{"version":"1.0","provider_name":"eloriente.net","provider_url":"https:\/\/www.eloriente.net\/home","author_name":"Tecnol\u00f3gico de Monterrey","author_url":"https:\/\/www.eloriente.net\/home\/author\/tec\/","title":"Se desvanece la clase media en M\u00e9xico - eloriente.net","type":"rich","width":600,"height":338,"html":"<blockquote class=\"wp-embedded-content\" data-secret=\"vG5NFmFhKs\"><a href=\"https:\/\/www.eloriente.net\/home\/2015\/04\/21\/se-desvanece-la-clase-media-en-mexico\/\">Se desvanece la clase media en M\u00e9xico<\/a><\/blockquote><iframe sandbox=\"allow-scripts\" security=\"restricted\" src=\"https:\/\/www.eloriente.net\/home\/2015\/04\/21\/se-desvanece-la-clase-media-en-mexico\/embed\/#?secret=vG5NFmFhKs\" width=\"600\" height=\"338\" title=\"\u00abSe desvanece la clase media en M\u00e9xico\u00bb \u2014 eloriente.net\" data-secret=\"vG5NFmFhKs\" frameborder=\"0\" marginwidth=\"0\" marginheight=\"0\" scrolling=\"no\" class=\"wp-embedded-content\"><\/iframe><script type=\"text\/javascript\">\n\/* <![CDATA[ *\/\n\/*! This file is auto-generated *\/\n!function(d,l){\"use strict\";l.querySelector&&d.addEventListener&&\"undefined\"!=typeof URL&&(d.wp=d.wp||{},d.wp.receiveEmbedMessage||(d.wp.receiveEmbedMessage=function(e){var t=e.data;if((t||t.secret||t.message||t.value)&&!\/[^a-zA-Z0-9]\/.test(t.secret)){for(var s,r,n,a=l.querySelectorAll('iframe[data-secret=\"'+t.secret+'\"]'),o=l.querySelectorAll('blockquote[data-secret=\"'+t.secret+'\"]'),c=new RegExp(\"^https?:$\",\"i\"),i=0;i<o.length;i++)o[i].style.display=\"none\";for(i=0;i<a.length;i++)s=a[i],e.source===s.contentWindow&&(s.removeAttribute(\"style\"),\"height\"===t.message?(1e3<(r=parseInt(t.value,10))?r=1e3:~~r<200&&(r=200),s.height=r):\"link\"===t.message&&(r=new URL(s.getAttribute(\"src\")),n=new URL(t.value),c.test(n.protocol))&&n.host===r.host&&l.activeElement===s&&(d.top.location.href=t.value))}},d.addEventListener(\"message\",d.wp.receiveEmbedMessage,!1),l.addEventListener(\"DOMContentLoaded\",function(){for(var e,t,s=l.querySelectorAll(\"iframe.wp-embedded-content\"),r=0;r<s.length;r++)(t=(e=s[r]).getAttribute(\"data-secret\"))||(t=Math.random().toString(36).substring(2,12),e.src+=\"#?secret=\"+t,e.setAttribute(\"data-secret\",t)),e.contentWindow.postMessage({message:\"ready\",secret:t},\"*\")},!1)))}(window,document);\n\/* ]]> *\/\n<\/script>\n","thumbnail_url":"https:\/\/www.eloriente.net\/home\/wp-content\/uploads\/2015\/04\/Alberto-Tovar-Castro-1024x682.jpg","thumbnail_width":1024,"thumbnail_height":682,"description":"(www.eloriente.net, Tec de Monterrey,\u00a021 de abril de 2015).- Alberto Tovar Castro, catedr\u00e1tico del Tecnol\u00f3gico de Monterrey, especifica que la mayor\u00eda de los mexicanos est\u00e1n lejos de la clase media, porque s\u00f3lo el 40 por ciento de la poblaci\u00f3n tiene acceso a servicio de salud; la mayor\u00eda es incapaz de ahorrar lo suficiente para estar un [&hellip;]"}