{"version":"1.0","provider_name":"eloriente.net","provider_url":"https:\/\/www.eloriente.net\/home","author_name":"admin","author_url":"https:\/\/www.eloriente.net\/home\/author\/admin\/","title":"Pri\u00edstas celebran inicio normal de clases en Oaxaca - eloriente.net","type":"rich","width":600,"height":338,"html":"<blockquote class=\"wp-embedded-content\" data-secret=\"F0Qnc4HUvN\"><a href=\"https:\/\/www.eloriente.net\/home\/2015\/08\/24\/priistas-celebran-inicio-normal-de-clases-en-oaxaca\/\">Pri\u00edstas celebran inicio normal de clases en Oaxaca<\/a><\/blockquote><iframe sandbox=\"allow-scripts\" security=\"restricted\" src=\"https:\/\/www.eloriente.net\/home\/2015\/08\/24\/priistas-celebran-inicio-normal-de-clases-en-oaxaca\/embed\/#?secret=F0Qnc4HUvN\" width=\"600\" height=\"338\" title=\"\u00abPri\u00edstas celebran inicio normal de clases en Oaxaca\u00bb \u2014 eloriente.net\" data-secret=\"F0Qnc4HUvN\" frameborder=\"0\" marginwidth=\"0\" marginheight=\"0\" scrolling=\"no\" class=\"wp-embedded-content\"><\/iframe><script type=\"text\/javascript\">\n\/* <![CDATA[ *\/\n\/*! This file is auto-generated *\/\n!function(d,l){\"use strict\";l.querySelector&&d.addEventListener&&\"undefined\"!=typeof URL&&(d.wp=d.wp||{},d.wp.receiveEmbedMessage||(d.wp.receiveEmbedMessage=function(e){var t=e.data;if((t||t.secret||t.message||t.value)&&!\/[^a-zA-Z0-9]\/.test(t.secret)){for(var s,r,n,a=l.querySelectorAll('iframe[data-secret=\"'+t.secret+'\"]'),o=l.querySelectorAll('blockquote[data-secret=\"'+t.secret+'\"]'),c=new RegExp(\"^https?:$\",\"i\"),i=0;i<o.length;i++)o[i].style.display=\"none\";for(i=0;i<a.length;i++)s=a[i],e.source===s.contentWindow&&(s.removeAttribute(\"style\"),\"height\"===t.message?(1e3<(r=parseInt(t.value,10))?r=1e3:~~r<200&&(r=200),s.height=r):\"link\"===t.message&&(r=new URL(s.getAttribute(\"src\")),n=new URL(t.value),c.test(n.protocol))&&n.host===r.host&&l.activeElement===s&&(d.top.location.href=t.value))}},d.addEventListener(\"message\",d.wp.receiveEmbedMessage,!1),l.addEventListener(\"DOMContentLoaded\",function(){for(var e,t,s=l.querySelectorAll(\"iframe.wp-embedded-content\"),r=0;r<s.length;r++)(t=(e=s[r]).getAttribute(\"data-secret\"))||(t=Math.random().toString(36).substring(2,12),e.src+=\"#?secret=\"+t,e.setAttribute(\"data-secret\",t)),e.contentWindow.postMessage({message:\"ready\",secret:t},\"*\")},!1)))}(window,document);\n\/* ]]> *\/\n<\/script>\n","thumbnail_url":"https:\/\/www.eloriente.net\/home\/wp-content\/uploads\/2014\/03\/Captura-de-pantalla-2014-03-21-a-las-13.35.09.png","thumbnail_width":"641","thumbnail_height":"347","description":"(www.eloriente.net, M\u00e9xico, 24 de agosto de 2015).- El gobernador de Oaxaca, Gabino Cu\u00e9, abri\u00f3 oficialmente el ciclo escolar en las escuelas p\u00fablicas del estado. Lo hizo en la primaria Patria Nueva donde se\u00f1al\u00f3 la importancia de este d\u00eda en el que estudiantes ser\u00e1n conducidos \u00abprofesional y comprometidamente\u00bb por m\u00e1s de 53 mil maestras y maestros. [&hellip;]"}