{"version":"1.0","provider_name":"eloriente.net","provider_url":"https:\/\/www.eloriente.net\/home","author_name":"Jessica Lamadrid","author_url":"https:\/\/www.eloriente.net\/home\/author\/jessica\/","title":"#UnOrienteVerde Trolebici una realidad en M\u00e9xico - eloriente.net","type":"rich","width":600,"height":338,"html":"<blockquote class=\"wp-embedded-content\" data-secret=\"4IgfmdYKjW\"><a href=\"https:\/\/www.eloriente.net\/home\/2017\/02\/22\/unorienteverde-3\/\">#UnOrienteVerde  Trolebici una realidad en M\u00e9xico<\/a><\/blockquote><iframe sandbox=\"allow-scripts\" security=\"restricted\" src=\"https:\/\/www.eloriente.net\/home\/2017\/02\/22\/unorienteverde-3\/embed\/#?secret=4IgfmdYKjW\" width=\"600\" height=\"338\" title=\"\u00ab#UnOrienteVerde  Trolebici una realidad en M\u00e9xico\u00bb \u2014 eloriente.net\" data-secret=\"4IgfmdYKjW\" frameborder=\"0\" marginwidth=\"0\" marginheight=\"0\" scrolling=\"no\" class=\"wp-embedded-content\"><\/iframe><script type=\"text\/javascript\">\n\/* <![CDATA[ *\/\n\/*! This file is auto-generated *\/\n!function(d,l){\"use strict\";l.querySelector&&d.addEventListener&&\"undefined\"!=typeof URL&&(d.wp=d.wp||{},d.wp.receiveEmbedMessage||(d.wp.receiveEmbedMessage=function(e){var t=e.data;if((t||t.secret||t.message||t.value)&&!\/[^a-zA-Z0-9]\/.test(t.secret)){for(var s,r,n,a=l.querySelectorAll('iframe[data-secret=\"'+t.secret+'\"]'),o=l.querySelectorAll('blockquote[data-secret=\"'+t.secret+'\"]'),c=new RegExp(\"^https?:$\",\"i\"),i=0;i<o.length;i++)o[i].style.display=\"none\";for(i=0;i<a.length;i++)s=a[i],e.source===s.contentWindow&&(s.removeAttribute(\"style\"),\"height\"===t.message?(1e3<(r=parseInt(t.value,10))?r=1e3:~~r<200&&(r=200),s.height=r):\"link\"===t.message&&(r=new URL(s.getAttribute(\"src\")),n=new URL(t.value),c.test(n.protocol))&&n.host===r.host&&l.activeElement===s&&(d.top.location.href=t.value))}},d.addEventListener(\"message\",d.wp.receiveEmbedMessage,!1),l.addEventListener(\"DOMContentLoaded\",function(){for(var e,t,s=l.querySelectorAll(\"iframe.wp-embedded-content\"),r=0;r<s.length;r++)(t=(e=s[r]).getAttribute(\"data-secret\"))||(t=Math.random().toString(36).substring(2,12),e.src+=\"#?secret=\"+t,e.setAttribute(\"data-secret\",t)),e.contentWindow.postMessage({message:\"ready\",secret:t},\"*\")},!1)))}(window,document);\n\/* ]]> *\/\n<\/script>\n","thumbnail_url":"https:\/\/www.eloriente.net\/home\/wp-content\/uploads\/2017\/02\/tram-1547079_1920.jpg","thumbnail_width":1920,"thumbnail_height":1280,"description":"\/\/ (www.eloriente.net; M\u00e9xico a 22 de febrero e 2017).- Por Jessica Lamadrid Contar con un carril compartido entre bicicletas y troleb\u00fas en Eje Central est\u00e1 cerca de ser una realidad, ya que hace unos d\u00edas, la Direcci\u00f3n del Servicio de Transportes El\u00e9ctricos (STE) de la Ciudad de M\u00e9xico anunci\u00f3 que en 15 d\u00edas se tendr\u00e1 [&hellip;]"}